{"id":3378,"date":"2015-07-05T08:44:03","date_gmt":"2015-07-05T08:44:03","guid":{"rendered":"http:\/\/themes.themegoods.com\/photography\/demo1\/?page_id=3378"},"modified":"2024-02-19T15:40:29","modified_gmt":"2024-02-19T15:40:29","slug":"fotobus-mieten-preise","status":"publish","type":"page","link":"https:\/\/photobux.ch\/de\/fotobus-mieten-preise\/","title":{"rendered":"Fotobus Mieten &#038; Preise"},"content":{"rendered":"<div class=\"divider one\">&nbsp;<\/div>\n<div  class=\"one withsmallpadding ppb_text\" style=\"padding:5px 0 5px 0;\" >\n<div class=\"standard_wrapper\">\n<div class=\"page_content_wrapper\">\n<div class=\"inner\">\n<div style=\"margin:auto;width:100%\">\n<p><img loading=\"lazy\" decoding=\"async\" class=\"aligncenter wp-image-7217 size-medium\" src=\"https:\/\/photobux.ch\/wp-content\/uploads\/2020\/03\/PhotoBus-Charlie-FotoBulli-300x134.jpg\" alt=\"Fotobus Mieten\" width=\"300\" height=\"134\" \/><\/p>\n<h1 style=\"text-align: center;\">Fotobus Mieten Preise<\/h1>\n<p>Bitte \u00fcberpr\u00fcfen Sie erst unsere Preise und Leistungen, wenn Sie einen Fotobus mieten wollen. Wir empfehlen Ihnen, uns mit unseren <a title=\"Preis Vergleich Suche\" href=\"https:\/\/www.google.com\/search?&#038;q=fotobulli+mieten&#038;oq=fotobulli+mieten&#038;gs_l\" target=\"_blank\" rel=\"noopener\">Konkurrenten<\/a> zu vergleichen.<\/p>\n<p>Gerne erstellen wir f\u00fcr Ihr Wunschpaket eine unverbindliche Offerte. F\u00fcllen Sie dazu das Buchungsformular aus, nachdem Sie entschieden haben, welches Pakett Sie gerne w\u00e4hlen wollen.<\/p>\n<p>Sie erhalten dann rasch m\u00f6glichst ein Angebot von uns per E-Mail zugesendet.<\/p>\n<\/div>\n<\/div>\n<\/div>\n<\/div>\n<\/div>\n<div  class=\"one ppb_pricing\" style=\"padding:5px 0 5px 0;background-color:#f0f0f0;\" >\n<div class=\"standard_wrapper\">\n<div class=\"page_content_wrapper\">\n<div class=\"inner\">\n<div class=\"pricing_content_wrapper light\">\n<div class=\"pricing one_fourth  \">\n<div class=\"pricing_wrapper_border\">\n<ul class=\"pricing_wrapper\">\n<li class=\"title_row \" style=\"color:#222222;\">Ap\u00e9ro<\/li>\n<li class=\"price_row\"><strong>CHF<\/strong><em class=\"exact_price\" style=\"color:#222222;\">600.-<\/em><em class=\"time\">300.- Std<\/em><\/li>\n<li>Dauer: 2 Stunden\n<\/li>\n<li>Props \/ Verkleidung \/ Accessoires\n<\/li>\n<li>Betreuung vor Ort\n<\/li>\n<li>passwortgesch\u00fctzte Express-Webgallerie\n<\/li>\n<li>vom Gastgeber \u00fcberpr\u00fcfbare Bilder\n<\/li>\n<li>hohe Aufl\u00f6sung Fotos zum Herunterladen\n<\/li>\n<li>alle Fotos auf einem USB-Stick\n<\/li>\n<li>Fahrkosten 1.- CHF\/km ab CH-8192\n<\/li>\n<li>Perfekt f\u00fcr Ap\u00e9ros<\/li>\n<li class=\"button_row \"><a href=\"https:\/\/photobux.ch\/buchung\/\" class=\"button\"  style=\"background:#222222;border-color:#222222;color:#fff;\">unverbindliche Offerte anfragen<\/a><\/li>\n<\/ul>\n<\/div>\n<\/div>\n<div class=\"pricing one_fourth  \">\n<div class=\"pricing_wrapper_border\">\n<ul class=\"pricing_wrapper\">\n<li class=\"title_row \" style=\"color:#222222;\">Party<\/li>\n<li class=\"price_row\"><strong>CHF<\/strong><em class=\"exact_price\" style=\"color:#222222;\">1000.-<\/em><em class=\"time\">250.- Std<\/em><\/li>\n<li>Dauer: 4 Stunden\n<\/li>\n<li>Props \/ Verkleidung \/ Accessoires\n<\/li>\n<li>Betreuung vor Ort\n<\/li>\n<li>passwortgesch\u00fctzte Express-Webgallerie\n<\/li>\n<li>vom Gastgeber \u00fcberpr\u00fcfbare Bilder\n<\/li>\n<li>hohe Aufl\u00f6sung Fotos zum Herunterladen\n<\/li>\n<li>alle Fotos auf einem USB-Stick\n<\/li>\n<li>5 km Anfahrtsweg gratis\n<\/li>\n<li>Perfekt f\u00fcr Partys<\/li>\n<li class=\"button_row \"><a href=\"https:\/\/photobux.ch\/buchung\/\" class=\"button\"  style=\"background:#222222;border-color:#222222;color:#fff;\">unverbindliche Offerte anfragen<\/a><\/li>\n<\/ul>\n<\/div>\n<\/div>\n<div class=\"pricing one_fourth  \">\n<div class=\"pricing_wrapper_border\">\n<ul class=\"pricing_wrapper\">\n<li class=\"title_row \" style=\"color:#222222;\">Event<\/li>\n<li class=\"price_row\"><strong>CHF<\/strong><em class=\"exact_price\" style=\"color:#222222;\">1600.-<\/em><em class=\"time\">200.- Std.<\/em><\/li>\n<li>Dauer: 8 Stunden\n<\/li>\n<li>Props \/ Verkleidung \/ Accessoires\n<\/li>\n<li>Betreuung vor Ort\n<\/li>\n<li>passwortgesch\u00fctzte Express-Webgallerie\n<\/li>\n<li>vom Gastgeber \u00fcberpr\u00fcfbare Bilder\n<\/li>\n<li>hohe Aufl\u00f6sung Fotos zum Herunterladen\n<\/li>\n<li>alle Fotos auf einem USB-Stick\n<\/li>\n<li>10 km Anfahrtsweg gratis\n<\/li>\n<li>Perfekt f\u00fcr Events<\/li>\n<li class=\"button_row \"><a href=\"https:\/\/photobux.ch\/buchung\/\" class=\"button\"  style=\"background:#222222;border-color:#222222;color:#fff;\">unverbindliche Offerte anfragen<\/a><\/li>\n<\/ul>\n<\/div>\n<\/div>\n<div class=\"pricing one_fourth  last\">\n<div class=\"pricing_wrapper_border\">\n<ul class=\"pricing_wrapper\">\n<li class=\"title_row \" style=\"color:#222222;\">Open-Air<\/li>\n<li class=\"price_row\"><strong>CHF<\/strong><em class=\"exact_price\" style=\"color:#222222;\">2100.-<\/em><em class=\"time\">175.- Std<\/em><\/li>\n<li>Dauer: 12 Stunden\n<\/li>\n<li>Props \/ Verkleidung \/ Accessoires\n<\/li>\n<li>Betreuung vor Ort\n<\/li>\n<li>passwortgesch\u00fctzte Express-Webgallerie\n<\/li>\n<li>vom Gastgeber \u00fcberpr\u00fcfbare Bilder\n<\/li>\n<li>hohe Aufl\u00f6sung Fotos zum Herunterladen\n<\/li>\n<li>alle Fotos auf einem USB-Stick\n<\/li>\n<li>15 km Anfahrtsweg gratis\n<\/li>\n<li>Perfekt f\u00fcr Open-Air Events<\/li>\n<li class=\"button_row \"><a href=\"https:\/\/photobux.ch\/buchung\/\" class=\"button\"  style=\"background:#222222;border-color:#222222;color:#fff;\">unverbindliche Offerte anfragen<\/a><\/li>\n<\/ul>\n<\/div>\n<\/div>\n<\/div>\n<\/div>\n<\/div>\n<\/div>\n<\/div>\n<div class=\"divider one\">&nbsp;<\/div>\n<div  class=\"one ppb_fullwidth_button\" style=\"background-color:#000000;padding:30px 0 30px 0;\">\n<div class=\"standard_wrapper\">\n<h2 class=\"title\" style=\"color:#ffffff;\">Fotobus buchen<\/h2>\n<p><a href=\"https:\/\/photobux.ch\/buchung\/\" class=\"button\" style=\"background-color:#d1d1d1;border-color:#d1d1d1;color:#ffffff;\">zur Buchung<\/a><\/div>\n<\/div>\n<div class=\"standard_wrapper\">\n<div  class=\"one_third withsmallpadding ppb_text\" style=\"margin-bottom: 0 !important;padding:50px 0 50px 0;\" >\n<div class=\"standard_wrapper\">\n<div class=\"page_content_wrapper\">\n<div class=\"inner\">\n<div style=\"margin:auto;width:100%\">\n<h5>Fotobulli mieten<\/h5>\n<p>Charlie ist der coolste Fotobulli, den man mieten kann.<\/p>\n<\/div>\n<\/div>\n<\/div>\n<\/div>\n<\/div>\n<\/div>\n<div class=\"standard_wrapper\">\n<div  class=\"one_third withsmallpadding ppb_text\" style=\"margin-bottom: 0 !important;padding:50px 0 50px 0;\" >\n<div class=\"standard_wrapper\">\n<div class=\"page_content_wrapper\">\n<div class=\"inner\">\n<div style=\"margin:auto;width:100%\">\n<h5>Fotobus mieten<\/h5>\n<p>Charlie der Fotobulli ist die beste Wahl, wenn es um einen Fotobus mieten geht.<\/p>\n<\/div>\n<\/div>\n<\/div>\n<\/div>\n<\/div>\n<\/div>\n<div class=\"standard_wrapper\">\n<div  class=\"one_third last withsmallpadding ppb_text\" style=\"margin-bottom: 0 !important;padding:50px 0 50px 0;\" >\n<div class=\"standard_wrapper\">\n<div class=\"page_content_wrapper\">\n<div class=\"inner\">\n<div style=\"margin:auto;width:100%\">\n<h5>Fotobus Preis<\/h5>\n<p>Charlie bietet unterschiedliche Preise f\u00fcr verschiedene Anl\u00e4sse an.<\/p>\n<\/div>\n<\/div>\n<\/div>\n<\/div>\n<\/div>\n<\/div>\n<div class=\"standard_wrapper\">\n<div  class=\"one_third withsmallpadding ppb_text\" style=\"padding-top: 0 !important;padding:50px 0 50px 0;\" >\n<div class=\"standard_wrapper\">\n<div class=\"page_content_wrapper\">\n<div class=\"inner\">\n<div style=\"margin:auto;width:100%\">\n<h5>VW Fotobus<\/h5>\n<p>Der Charlie ist vor allem ein 78er VW T2 Typ-II Westfalia Special Champagne Edition.<\/p>\n<\/div>\n<\/div>\n<\/div>\n<\/div>\n<\/div>\n<\/div>\n<div class=\"standard_wrapper\">\n<div  class=\"one_third withsmallpadding ppb_text\" style=\"padding-top: 0 !important;padding:50px 0 50px 0;\" >\n<div class=\"standard_wrapper\">\n<div class=\"page_content_wrapper\">\n<div class=\"inner\">\n<div style=\"margin:auto;width:100%\">\n<h5>Photobus<\/h5>\n<p>Charlie ist ein Oldtimer mit einer jungen Seele.<\/p>\n<\/div>\n<\/div>\n<\/div>\n<\/div>\n<\/div>\n<\/div>\n<div class=\"standard_wrapper\">\n<div  class=\"one_third last withsmallpadding ppb_text\" style=\"padding-top: 0 !important;padding:45px 0 45px 0;\" >\n<div class=\"standard_wrapper\">\n<div class=\"page_content_wrapper\">\n<div class=\"inner\">\n<div style=\"margin:auto;width:100%\">\n<h5>PhotoBux<\/h5>\n<p>Der Charlie ist ein Bus mit einem Photobox. Er ist der besondere Art von PhotoBox.<\/p>\n<\/div>\n<\/div>\n<\/div>\n<\/div>\n<\/div>\n<\/div>\n<div  class=\"one withsmallpadding ppb_text\" style=\"padding:0px 0 0px 0;\" >\n<div class=\"standard_wrapper\">\n<div class=\"page_content_wrapper\">\n<div class=\"inner\">\n<div style=\"margin:auto;width:100%\">\n<hr\/>\n<\/div>\n<\/div>\n<\/div>\n<\/div>\n<\/div>\n<div  class=\"one\"><\/div>\n","protected":false},"excerpt":{"rendered":"","protected":false},"author":1,"featured_media":6871,"parent":0,"menu_order":0,"comment_status":"open","ping_status":"open","template":"","meta":{"footnotes":""},"class_list":["post-3378","page","type-page","status-publish","has-post-thumbnail","hentry"],"_links":{"self":[{"href":"https:\/\/photobux.ch\/de\/wp-json\/wp\/v2\/pages\/3378","targetHints":{"allow":["GET"]}}],"collection":[{"href":"https:\/\/photobux.ch\/de\/wp-json\/wp\/v2\/pages"}],"about":[{"href":"https:\/\/photobux.ch\/de\/wp-json\/wp\/v2\/types\/page"}],"author":[{"embeddable":true,"href":"https:\/\/photobux.ch\/de\/wp-json\/wp\/v2\/users\/1"}],"replies":[{"embeddable":true,"href":"https:\/\/photobux.ch\/de\/wp-json\/wp\/v2\/comments?post=3378"}],"version-history":[{"count":26,"href":"https:\/\/photobux.ch\/de\/wp-json\/wp\/v2\/pages\/3378\/revisions"}],"predecessor-version":[{"id":10474,"href":"https:\/\/photobux.ch\/de\/wp-json\/wp\/v2\/pages\/3378\/revisions\/10474"}],"wp:featuredmedia":[{"embeddable":true,"href":"https:\/\/photobux.ch\/de\/wp-json\/wp\/v2\/media\/6871"}],"wp:attachment":[{"href":"https:\/\/photobux.ch\/de\/wp-json\/wp\/v2\/media?parent=3378"}],"curies":[{"name":"wp","href":"https:\/\/api.w.org\/{rel}","templated":true}]}}